{"id":384,"date":"2020-03-23T08:36:03","date_gmt":"2020-03-23T08:36:03","guid":{"rendered":"https:\/\/kinesitherapielaplaine.com\/?page_id=384"},"modified":"2025-09-22T16:17:34","modified_gmt":"2025-09-22T14:17:34","slug":"home","status":"publish","type":"page","link":"https:\/\/kinesitherapielaplaine.com\/","title":{"rendered":"Kin\u00e9sith\u00e9rapie La Plaine"},"content":{"rendered":"\t\t<div data-elementor-type=\"wp-page\" data-elementor-id=\"384\" class=\"elementor elementor-384\">\n\t\t\t\t\t\t<section class=\"elementor-section elementor-top-section elementor-element elementor-element-297d9f33 elementor-section-boxed elementor-section-height-default elementor-section-height-default\" data-id=\"297d9f33\" data-element_type=\"section\" id=\"home\" data-settings=\"{&quot;background_background&quot;:&quot;classic&quot;,&quot;background_motion_fx_motion_fx_mouse&quot;:&quot;yes&quot;,&quot;background_motion_fx_mouseTrack_effect&quot;:&quot;yes&quot;,&quot;background_motion_fx_mouseTrack_speed&quot;:{&quot;unit&quot;:&quot;px&quot;,&quot;size&quot;:0.5,&quot;sizes&quot;:[]}}\">\n\t\t\t\t\t\t\t<div class=\"elementor-background-overlay\"><\/div>\n\t\t\t\t\t\t\t<div class=\"elementor-container elementor-column-gap-default\">\n\t\t\t\t\t<div class=\"elementor-column elementor-col-50 elementor-top-column elementor-element elementor-element-bc97860\" data-id=\"bc97860\" data-element_type=\"column\">\n\t\t\t<div class=\"elementor-widget-wrap elementor-element-populated\">\n\t\t\t\t\t\t<div class=\"elementor-element elementor-element-a555aa5 elementor-invisible elementor-widget elementor-widget-button\" data-id=\"a555aa5\" data-element_type=\"widget\" data-settings=\"{&quot;_animation&quot;:&quot;fadeIn&quot;}\" data-widget_type=\"button.default\">\n\t\t\t\t<div class=\"elementor-widget-container\">\n\t\t\t\t\t<div class=\"elementor-button-wrapper\">\n\t\t\t<a class=\"elementor-button elementor-button-link elementor-size-xl\" href=\"https:\/\/monrdvkine.fr\/cabinet-masseurs-kinesitherapeutes\/la-plaine-saint-denis-93210\/kinesitherapie-la-plaine-711\">\n\t\t\t\t\t\t<span class=\"elementor-button-content-wrapper\">\n\t\t\t\t\t\t\t\t\t<span class=\"elementor-button-text\">Prendre un rendez-vous<\/span>\n\t\t\t\t\t<\/span>\n\t\t\t\t\t<\/a>\n\t\t<\/div>\n\t\t\t\t<\/div>\n\t\t\t\t<\/div>\n\t\t\t\t\t<\/div>\n\t\t<\/div>\n\t\t\t\t<div class=\"elementor-column elementor-col-50 elementor-top-column elementor-element elementor-element-f940c83\" data-id=\"f940c83\" data-element_type=\"column\" data-settings=\"{&quot;background_background&quot;:&quot;classic&quot;}\">\n\t\t\t<div class=\"elementor-widget-wrap elementor-element-populated\">\n\t\t\t\t\t\t<div class=\"elementor-element elementor-element-fd7f1b2 elementor-widget elementor-widget-heading\" data-id=\"fd7f1b2\" data-element_type=\"widget\" data-widget_type=\"heading.default\">\n\t\t\t\t<div class=\"elementor-widget-container\">\n\t\t\t<style>\/*! elementor - v3.23.0 - 05-08-2024 *\/\n.elementor-heading-title{padding:0;margin:0;line-height:1}.elementor-widget-heading .elementor-heading-title[class*=elementor-size-]>a{color:inherit;font-size:inherit;line-height:inherit}.elementor-widget-heading .elementor-heading-title.elementor-size-small{font-size:15px}.elementor-widget-heading .elementor-heading-title.elementor-size-medium{font-size:19px}.elementor-widget-heading .elementor-heading-title.elementor-size-large{font-size:29px}.elementor-widget-heading .elementor-heading-title.elementor-size-xl{font-size:39px}.elementor-widget-heading .elementor-heading-title.elementor-size-xxl{font-size:59px}<\/style><h4 class=\"elementor-heading-title elementor-size-default\">Kin\u00e9sith\u00e9rapie La Plaine<\/h4>\t\t<\/div>\n\t\t\t\t<\/div>\n\t\t\t\t<div class=\"elementor-element elementor-element-ef284a1 elementor-widget elementor-widget-heading\" data-id=\"ef284a1\" data-element_type=\"widget\" data-widget_type=\"heading.default\">\n\t\t\t\t<div class=\"elementor-widget-container\">\n\t\t\t<h4 class=\"elementor-heading-title elementor-size-small\">Sport - Sant\u00e9 - Bien \u00eatre<\/h4>\t\t<\/div>\n\t\t\t\t<\/div>\n\t\t\t\t<div class=\"elementor-element elementor-element-7d3a346 elementor-widget-divider--view-line elementor-widget elementor-widget-divider\" data-id=\"7d3a346\" data-element_type=\"widget\" data-widget_type=\"divider.default\">\n\t\t\t\t<div class=\"elementor-widget-container\">\n\t\t\t<style>\/*! elementor - v3.23.0 - 05-08-2024 *\/\n.elementor-widget-divider{--divider-border-style:none;--divider-border-width:1px;--divider-color:#0c0d0e;--divider-icon-size:20px;--divider-element-spacing:10px;--divider-pattern-height:24px;--divider-pattern-size:20px;--divider-pattern-url:none;--divider-pattern-repeat:repeat-x}.elementor-widget-divider .elementor-divider{display:flex}.elementor-widget-divider .elementor-divider__text{font-size:15px;line-height:1;max-width:95%}.elementor-widget-divider .elementor-divider__element{margin:0 var(--divider-element-spacing);flex-shrink:0}.elementor-widget-divider .elementor-icon{font-size:var(--divider-icon-size)}.elementor-widget-divider .elementor-divider-separator{display:flex;margin:0;direction:ltr}.elementor-widget-divider--view-line_icon .elementor-divider-separator,.elementor-widget-divider--view-line_text .elementor-divider-separator{align-items:center}.elementor-widget-divider--view-line_icon .elementor-divider-separator:after,.elementor-widget-divider--view-line_icon .elementor-divider-separator:before,.elementor-widget-divider--view-line_text .elementor-divider-separator:after,.elementor-widget-divider--view-line_text .elementor-divider-separator:before{display:block;content:\"\";border-block-end:0;flex-grow:1;border-block-start:var(--divider-border-width) var(--divider-border-style) var(--divider-color)}.elementor-widget-divider--element-align-left .elementor-divider .elementor-divider-separator>.elementor-divider__svg:first-of-type{flex-grow:0;flex-shrink:100}.elementor-widget-divider--element-align-left .elementor-divider-separator:before{content:none}.elementor-widget-divider--element-align-left .elementor-divider__element{margin-left:0}.elementor-widget-divider--element-align-right .elementor-divider .elementor-divider-separator>.elementor-divider__svg:last-of-type{flex-grow:0;flex-shrink:100}.elementor-widget-divider--element-align-right .elementor-divider-separator:after{content:none}.elementor-widget-divider--element-align-right .elementor-divider__element{margin-right:0}.elementor-widget-divider--element-align-start .elementor-divider .elementor-divider-separator>.elementor-divider__svg:first-of-type{flex-grow:0;flex-shrink:100}.elementor-widget-divider--element-align-start .elementor-divider-separator:before{content:none}.elementor-widget-divider--element-align-start .elementor-divider__element{margin-inline-start:0}.elementor-widget-divider--element-align-end .elementor-divider .elementor-divider-separator>.elementor-divider__svg:last-of-type{flex-grow:0;flex-shrink:100}.elementor-widget-divider--element-align-end .elementor-divider-separator:after{content:none}.elementor-widget-divider--element-align-end .elementor-divider__element{margin-inline-end:0}.elementor-widget-divider:not(.elementor-widget-divider--view-line_text):not(.elementor-widget-divider--view-line_icon) .elementor-divider-separator{border-block-start:var(--divider-border-width) var(--divider-border-style) var(--divider-color)}.elementor-widget-divider--separator-type-pattern{--divider-border-style:none}.elementor-widget-divider--separator-type-pattern.elementor-widget-divider--view-line .elementor-divider-separator,.elementor-widget-divider--separator-type-pattern:not(.elementor-widget-divider--view-line) .elementor-divider-separator:after,.elementor-widget-divider--separator-type-pattern:not(.elementor-widget-divider--view-line) .elementor-divider-separator:before,.elementor-widget-divider--separator-type-pattern:not([class*=elementor-widget-divider--view]) .elementor-divider-separator{width:100%;min-height:var(--divider-pattern-height);-webkit-mask-size:var(--divider-pattern-size) 100%;mask-size:var(--divider-pattern-size) 100%;-webkit-mask-repeat:var(--divider-pattern-repeat);mask-repeat:var(--divider-pattern-repeat);background-color:var(--divider-color);-webkit-mask-image:var(--divider-pattern-url);mask-image:var(--divider-pattern-url)}.elementor-widget-divider--no-spacing{--divider-pattern-size:auto}.elementor-widget-divider--bg-round{--divider-pattern-repeat:round}.rtl .elementor-widget-divider .elementor-divider__text{direction:rtl}.e-con-inner>.elementor-widget-divider,.e-con>.elementor-widget-divider{width:var(--container-widget-width,100%);--flex-grow:var(--container-widget-flex-grow)}<\/style>\t\t<div class=\"elementor-divider\">\n\t\t\t<span class=\"elementor-divider-separator\">\n\t\t\t\t\t\t<\/span>\n\t\t<\/div>\n\t\t\t\t<\/div>\n\t\t\t\t<\/div>\n\t\t\t\t<div class=\"elementor-element elementor-element-80d685a elementor-widget elementor-widget-text-editor\" data-id=\"80d685a\" data-element_type=\"widget\" data-widget_type=\"text-editor.default\">\n\t\t\t\t<div class=\"elementor-widget-container\">\n\t\t\t<style>\/*! elementor - v3.23.0 - 05-08-2024 *\/\n.elementor-widget-text-editor.elementor-drop-cap-view-stacked .elementor-drop-cap{background-color:#69727d;color:#fff}.elementor-widget-text-editor.elementor-drop-cap-view-framed .elementor-drop-cap{color:#69727d;border:3px solid;background-color:transparent}.elementor-widget-text-editor:not(.elementor-drop-cap-view-default) .elementor-drop-cap{margin-top:8px}.elementor-widget-text-editor:not(.elementor-drop-cap-view-default) .elementor-drop-cap-letter{width:1em;height:1em}.elementor-widget-text-editor .elementor-drop-cap{float:left;text-align:center;line-height:1;font-size:50px}.elementor-widget-text-editor .elementor-drop-cap-letter{display:inline-block}<\/style>\t\t\t\t<p>Adresse: 100 Avenue du Pr\u00e9sident Wilson<\/p><p>\u00a0\u00a0\u00a0\u00a0\u00a0\u00a0\u00a0\u00a0\u00a0\u00a0\u00a0\u00a0\u00a0\u00a0\u00a0\u00a0\u00a0\u00a0 93210 La Plaine Saint-Denis<\/p><p>T\u00e9l\u00e9phone: 09 73 88 07 25<\/p><p>Mail: kinesitherapielaplaine@gmail.com<\/p><p>\u00a0<\/p>\t\t\t\t\t\t<\/div>\n\t\t\t\t<\/div>\n\t\t\t\t<div class=\"elementor-element elementor-element-cc918f0 elementor-widget elementor-widget-google_maps\" data-id=\"cc918f0\" data-element_type=\"widget\" data-widget_type=\"google_maps.default\">\n\t\t\t\t<div class=\"elementor-widget-container\">\n\t\t\t<style>\/*! elementor - v3.23.0 - 05-08-2024 *\/\n.elementor-widget-google_maps .elementor-widget-container{overflow:hidden}.elementor-widget-google_maps .elementor-custom-embed{line-height:0}.elementor-widget-google_maps iframe{height:300px}<\/style>\t\t<div class=\"elementor-custom-embed\">\n\t\t\t<iframe loading=\"lazy\"\n\t\t\t\t\tsrc=\"https:\/\/maps.google.com\/maps?q=100%20Avenue%20du%20pr%C3%A9sident%20Wilson%2093210%20Saint-Denis&#038;t=m&#038;z=13&#038;output=embed&#038;iwloc=near\"\n\t\t\t\t\ttitle=\"100 Avenue du pr\u00e9sident Wilson 93210 Saint-Denis\"\n\t\t\t\t\taria-label=\"100 Avenue du pr\u00e9sident Wilson 93210 Saint-Denis\"\n\t\t\t><\/iframe>\n\t\t<\/div>\n\t\t\t\t<\/div>\n\t\t\t\t<\/div>\n\t\t\t\t\t<\/div>\n\t\t<\/div>\n\t\t\t\t\t<\/div>\n\t\t<\/section>\n\t\t\t\t<section class=\"elementor-section elementor-top-section elementor-element elementor-element-2cfbda6b elementor-section-boxed elementor-section-height-default elementor-section-height-default\" data-id=\"2cfbda6b\" data-element_type=\"section\" id=\"about\" data-settings=\"{&quot;background_background&quot;:&quot;classic&quot;}\">\n\t\t\t\t\t\t<div class=\"elementor-container elementor-column-gap-default\">\n\t\t\t\t\t<div class=\"elementor-column elementor-col-50 elementor-top-column elementor-element elementor-element-39480e5b\" data-id=\"39480e5b\" data-element_type=\"column\" data-settings=\"{&quot;background_background&quot;:&quot;classic&quot;}\">\n\t\t\t<div class=\"elementor-widget-wrap elementor-element-populated\">\n\t\t\t\t\t<div class=\"elementor-background-overlay\"><\/div>\n\t\t\t\t\t\t<div class=\"elementor-element elementor-element-7726e8db animated-slow elementor-invisible elementor-widget elementor-widget-image\" data-id=\"7726e8db\" data-element_type=\"widget\" data-settings=\"{&quot;_animation&quot;:&quot;fadeIn&quot;}\" data-widget_type=\"image.default\">\n\t\t\t\t<div class=\"elementor-widget-container\">\n\t\t\t<style>\/*! elementor - v3.23.0 - 05-08-2024 *\/\n.elementor-widget-image{text-align:center}.elementor-widget-image a{display:inline-block}.elementor-widget-image a img[src$=\".svg\"]{width:48px}.elementor-widget-image img{vertical-align:middle;display:inline-block}<\/style>\t\t\t\t\t\t\t\t\t\t<img fetchpriority=\"high\" decoding=\"async\" width=\"670\" height=\"1024\" src=\"https:\/\/kinesitherapielaplaine.com\/wp-content\/uploads\/2022\/02\/les-therapeutes-scaled-e1645033797483-670x1024.jpg\" class=\"attachment-large size-large wp-image-442\" alt=\"\" srcset=\"https:\/\/kinesitherapielaplaine.com\/wp-content\/uploads\/2022\/02\/les-therapeutes-scaled-e1645033797483-670x1024.jpg 670w, https:\/\/kinesitherapielaplaine.com\/wp-content\/uploads\/2022\/02\/les-therapeutes-scaled-e1645033797483-196x300.jpg 196w, https:\/\/kinesitherapielaplaine.com\/wp-content\/uploads\/2022\/02\/les-therapeutes-scaled-e1645033797483-768x1173.jpg 768w, https:\/\/kinesitherapielaplaine.com\/wp-content\/uploads\/2022\/02\/les-therapeutes-scaled-e1645033797483-1006x1536.jpg 1006w, https:\/\/kinesitherapielaplaine.com\/wp-content\/uploads\/2022\/02\/les-therapeutes-scaled-e1645033797483-1341x2048.jpg 1341w, https:\/\/kinesitherapielaplaine.com\/wp-content\/uploads\/2022\/02\/les-therapeutes-scaled-e1645033797483.jpg 1458w\" sizes=\"(max-width: 670px) 100vw, 670px\" \/>\t\t\t\t\t\t\t\t\t\t\t\t\t<\/div>\n\t\t\t\t<\/div>\n\t\t\t\t<div class=\"elementor-element elementor-element-158cca71 animated-slow elementor-invisible elementor-widget elementor-widget-image\" data-id=\"158cca71\" data-element_type=\"widget\" data-settings=\"{&quot;_animation&quot;:&quot;fadeIn&quot;}\" data-widget_type=\"image.default\">\n\t\t\t\t<div class=\"elementor-widget-container\">\n\t\t\t\t\t\t\t\t\t\t\t\t\t<img decoding=\"async\" width=\"540\" height=\"865\" src=\"https:\/\/kinesitherapielaplaine.com\/wp-content\/uploads\/2022\/02\/Le-cabinet2-e1645033977354.jpg\" class=\"attachment-full size-full wp-image-443\" alt=\"\" srcset=\"https:\/\/kinesitherapielaplaine.com\/wp-content\/uploads\/2022\/02\/Le-cabinet2-e1645033977354.jpg 540w, https:\/\/kinesitherapielaplaine.com\/wp-content\/uploads\/2022\/02\/Le-cabinet2-e1645033977354-187x300.jpg 187w\" sizes=\"(max-width: 540px) 100vw, 540px\" \/>\t\t\t\t\t\t\t\t\t\t\t\t\t<\/div>\n\t\t\t\t<\/div>\n\t\t\t\t\t<\/div>\n\t\t<\/div>\n\t\t\t\t<div class=\"elementor-column elementor-col-50 elementor-top-column elementor-element elementor-element-42278a3f\" data-id=\"42278a3f\" data-element_type=\"column\">\n\t\t\t<div class=\"elementor-widget-wrap elementor-element-populated\">\n\t\t\t\t\t\t<div class=\"elementor-element elementor-element-3c37e72d elementor-widget elementor-widget-heading\" data-id=\"3c37e72d\" data-element_type=\"widget\" data-widget_type=\"heading.default\">\n\t\t\t\t<div class=\"elementor-widget-container\">\n\t\t\t<h2 class=\"elementor-heading-title elementor-size-default\">La kin\u00e9sith\u00e9rapie et les th\u00e9rapeutes<\/h2>\t\t<\/div>\n\t\t\t\t<\/div>\n\t\t\t\t<div class=\"elementor-element elementor-element-1cf43b39 elementor-widget-divider--view-line elementor-widget elementor-widget-divider\" data-id=\"1cf43b39\" data-element_type=\"widget\" data-widget_type=\"divider.default\">\n\t\t\t\t<div class=\"elementor-widget-container\">\n\t\t\t\t\t<div class=\"elementor-divider\">\n\t\t\t<span class=\"elementor-divider-separator\">\n\t\t\t\t\t\t<\/span>\n\t\t<\/div>\n\t\t\t\t<\/div>\n\t\t\t\t<\/div>\n\t\t\t\t<div class=\"elementor-element elementor-element-59adc4ee elementor-widget elementor-widget-text-editor\" data-id=\"59adc4ee\" data-element_type=\"widget\" data-widget_type=\"text-editor.default\">\n\t\t\t\t<div class=\"elementor-widget-container\">\n\t\t\t\t\t\t\t<p>La kin\u00e9sith\u00e9rapie est une profession param\u00e9dicale qui utilise des techniques actives et passives. L&#8217;origine du mot kin\u00e9sith\u00e9rapie vient du grec &#8220;kin\u00e9sis&#8221; qui renvoie au mouvement et &#8220;therapia&#8221; \u00e0 la notion de cure.<\/p><p>Cette discipline utilise le mouvement dans le but de renforcer, maintenir ou r\u00e9tablir les capacit\u00e9s fonctionnelles chez l&#8217;humain.<\/p><p>La kin\u00e9sith\u00e9rapie rentre dans le traitement d&#8217;un panel large et vari\u00e9 de pathologies (rhumatologie, neurologie, traumatologie, m\u00e9decine du sport, pr\u00e9vention, &#8230;).<\/p>\t\t\t\t\t\t<\/div>\n\t\t\t\t<\/div>\n\t\t\t\t<div class=\"elementor-element elementor-element-7185b77d elementor-widget elementor-widget-text-editor\" data-id=\"7185b77d\" data-element_type=\"widget\" data-widget_type=\"text-editor.default\">\n\t\t\t\t<div class=\"elementor-widget-container\">\n\t\t\t\t\t\t\t<p>L&#8217;\u00e9quipe du cabinet Kin\u00e9sith\u00e9rapie La Plaine est compos\u00e9e de 6 kin\u00e9sith\u00e9rapeutes<span style=\"font-style: inherit; font-weight: inherit;\">\u00a0:<\/span><\/p><p>\u2022 M\u00e9ryl FAYARD (MKDE, Kin\u00e9sith\u00e9rapie du Sport, R\u00e9\u00e9ducation p\u00e9rin\u00e9ale &amp; M\u00e9thode Gasquet)<\/p><p>\u2022 Th\u00e9ophile FLORENTIN (MKDE,\u00a0 Yoga, R\u00e9habilitation Cardio Respi &amp; Th\u00e9rapie Manuelle)<\/p><p>\u2022 Justin BUHLER-VINCENT (MKDE, Kin\u00e9sith\u00e9rapie du Sport &amp; Th\u00e9rapie Manuelle)<\/p><p>\u2022 Coline BOUCARD (MKDE, Kin\u00e9sith\u00e9rapie du Sport, Clinique du Coureur &amp; McKenzie)<\/p><p>\u2022 Claire BELKO (MKDE)<\/p><p>\u2022 Simon DOMMEL (MKDE)<\/p>\t\t\t\t\t\t<\/div>\n\t\t\t\t<\/div>\n\t\t\t\t\t<\/div>\n\t\t<\/div>\n\t\t\t\t\t<\/div>\n\t\t<\/section>\n\t\t\t\t<section class=\"elementor-section elementor-top-section elementor-element elementor-element-28766d46 elementor-section-boxed elementor-section-height-default elementor-section-height-default\" data-id=\"28766d46\" data-element_type=\"section\" id=\"reviews\">\n\t\t\t\t\t\t<div class=\"elementor-container elementor-column-gap-default\">\n\t\t\t\t\t<div class=\"elementor-column elementor-col-100 elementor-top-column elementor-element elementor-element-31071092\" data-id=\"31071092\" data-element_type=\"column\">\n\t\t\t<div class=\"elementor-widget-wrap elementor-element-populated\">\n\t\t\t\t\t\t<div class=\"elementor-element elementor-element-53d17d6d elementor-widget elementor-widget-heading\" data-id=\"53d17d6d\" data-element_type=\"widget\" data-widget_type=\"heading.default\">\n\t\t\t\t<div class=\"elementor-widget-container\">\n\t\t\t<h2 class=\"elementor-heading-title elementor-size-default\">M\u00e9thodes et \u00e9quipements<\/h2>\t\t<\/div>\n\t\t\t\t<\/div>\n\t\t\t\t<div class=\"elementor-element elementor-element-299204bc elementor-widget-divider--view-line elementor-widget elementor-widget-divider\" data-id=\"299204bc\" data-element_type=\"widget\" data-widget_type=\"divider.default\">\n\t\t\t\t<div class=\"elementor-widget-container\">\n\t\t\t\t\t<div class=\"elementor-divider\">\n\t\t\t<span class=\"elementor-divider-separator\">\n\t\t\t\t\t\t<\/span>\n\t\t<\/div>\n\t\t\t\t<\/div>\n\t\t\t\t<\/div>\n\t\t\t\t<div class=\"elementor-element elementor-element-414c98f elementor-widget-divider--view-line elementor-widget elementor-widget-divider\" data-id=\"414c98f\" data-element_type=\"widget\" data-widget_type=\"divider.default\">\n\t\t\t\t<div class=\"elementor-widget-container\">\n\t\t\t\t\t<div class=\"elementor-divider\">\n\t\t\t<span class=\"elementor-divider-separator\">\n\t\t\t\t\t\t<\/span>\n\t\t<\/div>\n\t\t\t\t<\/div>\n\t\t\t\t<\/div>\n\t\t\t\t<div class=\"elementor-element elementor-element-21032a6 elementor-widget elementor-widget-text-editor\" data-id=\"21032a6\" data-element_type=\"widget\" data-widget_type=\"text-editor.default\">\n\t\t\t\t<div class=\"elementor-widget-container\">\n\t\t\t\t\t\t\t<p>Le cabinet Kin\u00e9sith\u00e9rapie La Plaine est un espace de 150m\u00b2 (norme PMR) avec 5 box individuels pour chaque praticien, 1 plateau technique avec du mat\u00e9riel de musculation (presse, v\u00e9lo, v\u00e9lo elliptique, tapis de course, cage de musculation et rameur) et 1 salle de cours collectifs. Nous privil\u00e9gions le traitement manuel et l&#8217;exercice physique. Nous ne sommes pas \u00e9quip\u00e9s de machine \u00e0 ultrason, \u00e0 infrarouge ou d&#8217;ondes de choc.<\/p>\t\t\t\t\t\t<\/div>\n\t\t\t\t<\/div>\n\t\t\t\t\t<\/div>\n\t\t<\/div>\n\t\t\t\t\t<\/div>\n\t\t<\/section>\n\t\t\t\t<section class=\"elementor-section elementor-top-section elementor-element elementor-element-a2d0ad0 elementor-section-content-middle elementor-section-boxed elementor-section-height-default elementor-section-height-default\" data-id=\"a2d0ad0\" data-element_type=\"section\">\n\t\t\t\t\t\t<div class=\"elementor-container elementor-column-gap-default\">\n\t\t\t\t\t<div class=\"elementor-column elementor-col-50 elementor-top-column elementor-element elementor-element-288f63eb\" data-id=\"288f63eb\" data-element_type=\"column\">\n\t\t\t<div class=\"elementor-widget-wrap elementor-element-populated\">\n\t\t\t\t\t\t<section class=\"elementor-section elementor-inner-section elementor-element elementor-element-1d120cab elementor-section-boxed elementor-section-height-default elementor-section-height-default\" data-id=\"1d120cab\" data-element_type=\"section\" data-settings=\"{&quot;background_background&quot;:&quot;classic&quot;}\">\n\t\t\t\t\t\t<div class=\"elementor-container elementor-column-gap-no\">\n\t\t\t\t\t<div class=\"elementor-column elementor-col-33 elementor-inner-column elementor-element elementor-element-5833c7a7\" data-id=\"5833c7a7\" data-element_type=\"column\">\n\t\t\t<div class=\"elementor-widget-wrap elementor-element-populated\">\n\t\t\t\t\t\t<div class=\"elementor-element elementor-element-4a7ba863 elementor-widget elementor-widget-image\" data-id=\"4a7ba863\" data-element_type=\"widget\" data-widget_type=\"image.default\">\n\t\t\t\t<div class=\"elementor-widget-container\">\n\t\t\t\t\t\t\t\t\t\t\t\t\t<img decoding=\"async\" width=\"477\" height=\"278\" src=\"https:\/\/kinesitherapielaplaine.com\/wp-content\/uploads\/2022\/02\/therapiemanuelle-6.jpg\" class=\"attachment-full size-full wp-image-555\" alt=\"\" srcset=\"https:\/\/kinesitherapielaplaine.com\/wp-content\/uploads\/2022\/02\/therapiemanuelle-6.jpg 477w, https:\/\/kinesitherapielaplaine.com\/wp-content\/uploads\/2022\/02\/therapiemanuelle-6-300x175.jpg 300w\" sizes=\"(max-width: 477px) 100vw, 477px\" \/>\t\t\t\t\t\t\t\t\t\t\t\t\t<\/div>\n\t\t\t\t<\/div>\n\t\t\t\t\t<\/div>\n\t\t<\/div>\n\t\t\t\t<div class=\"elementor-column elementor-col-66 elementor-inner-column elementor-element elementor-element-1fcbe6a8\" data-id=\"1fcbe6a8\" data-element_type=\"column\">\n\t\t\t<div class=\"elementor-widget-wrap elementor-element-populated\">\n\t\t\t\t\t\t<div class=\"elementor-element elementor-element-5a8cf7c8 elementor-widget elementor-widget-text-editor\" data-id=\"5a8cf7c8\" data-element_type=\"widget\" data-widget_type=\"text-editor.default\">\n\t\t\t\t<div class=\"elementor-widget-container\">\n\t\t\t\t\t\t\t<p>La kin\u00e9sith\u00e9rapie du sport est une sp\u00e9cialisation permettant de prendre en charge les sportifs de tous niveaux. De nombreux aspects seront trait\u00e9s lors de la prise en charge: pr\u00e9paration physique, entra\u00eenement, pr\u00e9vention, r\u00e9\u00e9ducation, traitement des blessures &amp; coaching.<\/p>\t\t\t\t\t\t<\/div>\n\t\t\t\t<\/div>\n\t\t\t\t<div class=\"elementor-element elementor-element-531a6fd7 elementor-widget elementor-widget-heading\" data-id=\"531a6fd7\" data-element_type=\"widget\" data-widget_type=\"heading.default\">\n\t\t\t\t<div class=\"elementor-widget-container\">\n\t\t\t<h4 class=\"elementor-heading-title elementor-size-default\">Kin\u00e9sith\u00e9rapie du Sport<\/h4>\t\t<\/div>\n\t\t\t\t<\/div>\n\t\t\t\t\t<\/div>\n\t\t<\/div>\n\t\t\t\t\t<\/div>\n\t\t<\/section>\n\t\t\t\t<section class=\"elementor-section elementor-inner-section elementor-element elementor-element-12476935 elementor-section-boxed elementor-section-height-default elementor-section-height-default\" data-id=\"12476935\" data-element_type=\"section\" data-settings=\"{&quot;background_background&quot;:&quot;classic&quot;}\">\n\t\t\t\t\t\t<div class=\"elementor-container elementor-column-gap-no\">\n\t\t\t\t\t<div class=\"elementor-column elementor-col-33 elementor-inner-column elementor-element elementor-element-4ea167cb\" data-id=\"4ea167cb\" data-element_type=\"column\">\n\t\t\t<div class=\"elementor-widget-wrap elementor-element-populated\">\n\t\t\t\t\t\t<div class=\"elementor-element elementor-element-606542de elementor-widget elementor-widget-image\" data-id=\"606542de\" data-element_type=\"widget\" data-widget_type=\"image.default\">\n\t\t\t\t<div class=\"elementor-widget-container\">\n\t\t\t\t\t\t\t\t\t\t\t\t\t<img loading=\"lazy\" decoding=\"async\" width=\"512\" height=\"265\" src=\"https:\/\/kinesitherapielaplaine.com\/wp-content\/uploads\/2022\/02\/therapiemanuelle-1.jpg\" class=\"attachment-full size-full wp-image-540\" alt=\"\" srcset=\"https:\/\/kinesitherapielaplaine.com\/wp-content\/uploads\/2022\/02\/therapiemanuelle-1.jpg 512w, https:\/\/kinesitherapielaplaine.com\/wp-content\/uploads\/2022\/02\/therapiemanuelle-1-300x155.jpg 300w\" sizes=\"(max-width: 512px) 100vw, 512px\" \/>\t\t\t\t\t\t\t\t\t\t\t\t\t<\/div>\n\t\t\t\t<\/div>\n\t\t\t\t\t<\/div>\n\t\t<\/div>\n\t\t\t\t<div class=\"elementor-column elementor-col-66 elementor-inner-column elementor-element elementor-element-6e9f5315\" data-id=\"6e9f5315\" data-element_type=\"column\">\n\t\t\t<div class=\"elementor-widget-wrap elementor-element-populated\">\n\t\t\t\t\t\t<div class=\"elementor-element elementor-element-73432748 elementor-widget elementor-widget-text-editor\" data-id=\"73432748\" data-element_type=\"widget\" data-widget_type=\"text-editor.default\">\n\t\t\t\t<div class=\"elementor-widget-container\">\n\t\t\t\t\t\t\t<p>McKenzie est une m\u00e9thode de bilan et de r\u00e9\u00e9ducation de l&#8217;ensemble du rachis centr\u00e9e sur la participation active du patient. <\/p>\t\t\t\t\t\t<\/div>\n\t\t\t\t<\/div>\n\t\t\t\t<div class=\"elementor-element elementor-element-605e0269 elementor-widget elementor-widget-heading\" data-id=\"605e0269\" data-element_type=\"widget\" data-widget_type=\"heading.default\">\n\t\t\t\t<div class=\"elementor-widget-container\">\n\t\t\t<h4 class=\"elementor-heading-title elementor-size-default\">McKenzie<\/h4>\t\t<\/div>\n\t\t\t\t<\/div>\n\t\t\t\t\t<\/div>\n\t\t<\/div>\n\t\t\t\t\t<\/div>\n\t\t<\/section>\n\t\t\t\t<section class=\"elementor-section elementor-inner-section elementor-element elementor-element-2daf571 elementor-section-boxed elementor-section-height-default elementor-section-height-default\" data-id=\"2daf571\" data-element_type=\"section\" data-settings=\"{&quot;background_background&quot;:&quot;classic&quot;}\">\n\t\t\t\t\t\t<div class=\"elementor-container elementor-column-gap-no\">\n\t\t\t\t\t<div class=\"elementor-column elementor-col-33 elementor-inner-column elementor-element elementor-element-bbc1ef9\" data-id=\"bbc1ef9\" data-element_type=\"column\">\n\t\t\t<div class=\"elementor-widget-wrap elementor-element-populated\">\n\t\t\t\t\t\t<div class=\"elementor-element elementor-element-1b2fb22 elementor-widget elementor-widget-image\" data-id=\"1b2fb22\" data-element_type=\"widget\" data-widget_type=\"image.default\">\n\t\t\t\t<div class=\"elementor-widget-container\">\n\t\t\t\t\t\t\t\t\t\t\t\t\t<img loading=\"lazy\" decoding=\"async\" width=\"240\" height=\"143\" src=\"https:\/\/kinesitherapielaplaine.com\/wp-content\/uploads\/2022\/02\/therapiemanuelle-4.jpg\" class=\"attachment-full size-full wp-image-549\" alt=\"\" \/>\t\t\t\t\t\t\t\t\t\t\t\t\t<\/div>\n\t\t\t\t<\/div>\n\t\t\t\t\t<\/div>\n\t\t<\/div>\n\t\t\t\t<div class=\"elementor-column elementor-col-66 elementor-inner-column elementor-element elementor-element-abeb1e4\" data-id=\"abeb1e4\" data-element_type=\"column\">\n\t\t\t<div class=\"elementor-widget-wrap elementor-element-populated\">\n\t\t\t\t\t\t<div class=\"elementor-element elementor-element-c387c32 elementor-widget elementor-widget-text-editor\" data-id=\"c387c32\" data-element_type=\"widget\" data-widget_type=\"text-editor.default\">\n\t\t\t\t<div class=\"elementor-widget-container\">\n\t\t\t\t\t\t\t<p>L&#8217;efficacit\u00e9 des programmes de r\u00e9entra\u00eenement \u00e0 l&#8217;effort chez les patients atteints d&#8217;une pathologie pulmonaire est bien \u00e9tablie (BPCO, post-COVID,&#8230;). Ces programmes permettent de r\u00e9duire la dyspn\u00e9e, d&#8217;augmenter les performances aux efforts d&#8217;endurance et d&#8217;am\u00e9liorer le bien \u00eatre subjectif au travers de mesures de qualit\u00e9 de vie li\u00e9e \u00e0 la sant\u00e9.<\/p>\t\t\t\t\t\t<\/div>\n\t\t\t\t<\/div>\n\t\t\t\t<div class=\"elementor-element elementor-element-7097594 elementor-widget elementor-widget-heading\" data-id=\"7097594\" data-element_type=\"widget\" data-widget_type=\"heading.default\">\n\t\t\t\t<div class=\"elementor-widget-container\">\n\t\t\t<h4 class=\"elementor-heading-title elementor-size-default\">R\u00e9entra\u00eenement \u00e0 l'effort<\/h4>\t\t<\/div>\n\t\t\t\t<\/div>\n\t\t\t\t\t<\/div>\n\t\t<\/div>\n\t\t\t\t\t<\/div>\n\t\t<\/section>\n\t\t\t\t\t<\/div>\n\t\t<\/div>\n\t\t\t\t<div class=\"elementor-column elementor-col-50 elementor-top-column elementor-element elementor-element-d3e5870\" data-id=\"d3e5870\" data-element_type=\"column\">\n\t\t\t<div class=\"elementor-widget-wrap elementor-element-populated\">\n\t\t\t\t\t\t<section class=\"elementor-section elementor-inner-section elementor-element elementor-element-da4467f elementor-section-boxed elementor-section-height-default elementor-section-height-default\" data-id=\"da4467f\" data-element_type=\"section\" data-settings=\"{&quot;background_background&quot;:&quot;classic&quot;}\">\n\t\t\t\t\t\t<div class=\"elementor-container elementor-column-gap-no\">\n\t\t\t\t\t<div class=\"elementor-column elementor-col-33 elementor-inner-column elementor-element elementor-element-8d60819\" data-id=\"8d60819\" data-element_type=\"column\">\n\t\t\t<div class=\"elementor-widget-wrap elementor-element-populated\">\n\t\t\t\t\t\t<div class=\"elementor-element elementor-element-adc2975 elementor-widget elementor-widget-image\" data-id=\"adc2975\" data-element_type=\"widget\" data-widget_type=\"image.default\">\n\t\t\t\t<div class=\"elementor-widget-container\">\n\t\t\t\t\t\t\t\t\t\t\t\t\t<img loading=\"lazy\" decoding=\"async\" width=\"410\" height=\"210\" src=\"https:\/\/kinesitherapielaplaine.com\/wp-content\/uploads\/2022\/02\/therapiemanuelle.jpg\" class=\"attachment-full size-full wp-image-535\" alt=\"\" srcset=\"https:\/\/kinesitherapielaplaine.com\/wp-content\/uploads\/2022\/02\/therapiemanuelle.jpg 410w, https:\/\/kinesitherapielaplaine.com\/wp-content\/uploads\/2022\/02\/therapiemanuelle-300x154.jpg 300w\" sizes=\"(max-width: 410px) 100vw, 410px\" \/>\t\t\t\t\t\t\t\t\t\t\t\t\t<\/div>\n\t\t\t\t<\/div>\n\t\t\t\t\t<\/div>\n\t\t<\/div>\n\t\t\t\t<div class=\"elementor-column elementor-col-66 elementor-inner-column elementor-element elementor-element-2720fee\" data-id=\"2720fee\" data-element_type=\"column\">\n\t\t\t<div class=\"elementor-widget-wrap elementor-element-populated\">\n\t\t\t\t\t\t<div class=\"elementor-element elementor-element-2e60fdf elementor-widget elementor-widget-text-editor\" data-id=\"2e60fdf\" data-element_type=\"widget\" data-widget_type=\"text-editor.default\">\n\t\t\t\t<div class=\"elementor-widget-container\">\n\t\t\t\t\t\t\t<p>La th\u00e9rapie manuelle est un concept destin\u00e9 aux kin\u00e9sith\u00e9rapeutes traitant de la prise en charge des dysfonctions neuro-musculo-squelettiques de la t\u00eate au bassin, dans le contexte bio-psycho-social du patient, bas\u00e9 sur le raisonnement clinique et les preuves scientifiques actuellement disponibles.<\/p>\t\t\t\t\t\t<\/div>\n\t\t\t\t<\/div>\n\t\t\t\t<div class=\"elementor-element elementor-element-72a1d05 elementor-widget elementor-widget-heading\" data-id=\"72a1d05\" data-element_type=\"widget\" data-widget_type=\"heading.default\">\n\t\t\t\t<div class=\"elementor-widget-container\">\n\t\t\t<h4 class=\"elementor-heading-title elementor-size-default\">Th\u00e9rapie Manuelle<\/h4>\t\t<\/div>\n\t\t\t\t<\/div>\n\t\t\t\t\t<\/div>\n\t\t<\/div>\n\t\t\t\t\t<\/div>\n\t\t<\/section>\n\t\t\t\t<section class=\"elementor-section elementor-inner-section elementor-element elementor-element-2c566bb elementor-section-boxed elementor-section-height-default elementor-section-height-default\" data-id=\"2c566bb\" data-element_type=\"section\" data-settings=\"{&quot;background_background&quot;:&quot;classic&quot;}\">\n\t\t\t\t\t\t<div class=\"elementor-container elementor-column-gap-no\">\n\t\t\t\t\t<div class=\"elementor-column elementor-col-33 elementor-inner-column elementor-element elementor-element-a35fc32\" data-id=\"a35fc32\" data-element_type=\"column\">\n\t\t\t<div class=\"elementor-widget-wrap elementor-element-populated\">\n\t\t\t\t\t\t<div class=\"elementor-element elementor-element-596bd3e elementor-widget elementor-widget-image\" data-id=\"596bd3e\" data-element_type=\"widget\" data-widget_type=\"image.default\">\n\t\t\t\t<div class=\"elementor-widget-container\">\n\t\t\t\t\t\t\t\t\t\t\t\t\t<img loading=\"lazy\" decoding=\"async\" width=\"403\" height=\"240\" src=\"https:\/\/kinesitherapielaplaine.com\/wp-content\/uploads\/2022\/02\/therapiemanuelle-2.jpg\" class=\"attachment-full size-full wp-image-544\" alt=\"\" srcset=\"https:\/\/kinesitherapielaplaine.com\/wp-content\/uploads\/2022\/02\/therapiemanuelle-2.jpg 403w, https:\/\/kinesitherapielaplaine.com\/wp-content\/uploads\/2022\/02\/therapiemanuelle-2-300x179.jpg 300w\" sizes=\"(max-width: 403px) 100vw, 403px\" \/>\t\t\t\t\t\t\t\t\t\t\t\t\t<\/div>\n\t\t\t\t<\/div>\n\t\t\t\t\t<\/div>\n\t\t<\/div>\n\t\t\t\t<div class=\"elementor-column elementor-col-66 elementor-inner-column elementor-element elementor-element-0e1477c\" data-id=\"0e1477c\" data-element_type=\"column\">\n\t\t\t<div class=\"elementor-widget-wrap elementor-element-populated\">\n\t\t\t\t\t\t<div class=\"elementor-element elementor-element-c084472 elementor-widget elementor-widget-text-editor\" data-id=\"c084472\" data-element_type=\"widget\" data-widget_type=\"text-editor.default\">\n\t\t\t\t<div class=\"elementor-widget-container\">\n\t\t\t\t\t\t\t<p>Les dysfonctionnements du p\u00e9rin\u00e9e sont principalement occasionn\u00e9s par les grands bouleversements hormonaux et les fortes pressions que ces muscles subissent volontairement ou involontairement.<\/p><p>Que ce soit \u00e0 titre curatif ou pr\u00e9ventif, une r\u00e9\u00e9ducation p\u00e9rin\u00e9ale adapt\u00e9e doit \u00eatre r\u00e9alis\u00e9e \u00e0 certains moments cl\u00e9s dans la vie des femmes (pr\u00e9paration \u00e0 la grossesse, post-partum, douleurs p\u00e9rin\u00e9ales, m\u00e9nopause, sport, manutention,&#8230;).<\/p>\t\t\t\t\t\t<\/div>\n\t\t\t\t<\/div>\n\t\t\t\t<div class=\"elementor-element elementor-element-ccb1b6c elementor-widget elementor-widget-heading\" data-id=\"ccb1b6c\" data-element_type=\"widget\" data-widget_type=\"heading.default\">\n\t\t\t\t<div class=\"elementor-widget-container\">\n\t\t\t<h4 class=\"elementor-heading-title elementor-size-default\">R\u00e9\u00e9ducation p\u00e9rin\u00e9ale<\/h4>\t\t<\/div>\n\t\t\t\t<\/div>\n\t\t\t\t\t<\/div>\n\t\t<\/div>\n\t\t\t\t\t<\/div>\n\t\t<\/section>\n\t\t\t\t<section class=\"elementor-section elementor-inner-section elementor-element elementor-element-ccadff6 elementor-section-boxed elementor-section-height-default elementor-section-height-default\" data-id=\"ccadff6\" data-element_type=\"section\" data-settings=\"{&quot;background_background&quot;:&quot;classic&quot;}\">\n\t\t\t\t\t\t<div class=\"elementor-container elementor-column-gap-no\">\n\t\t\t\t\t<div class=\"elementor-column elementor-col-33 elementor-inner-column elementor-element elementor-element-a50be9a\" data-id=\"a50be9a\" data-element_type=\"column\">\n\t\t\t<div class=\"elementor-widget-wrap elementor-element-populated\">\n\t\t\t\t\t\t<div class=\"elementor-element elementor-element-8d6e72b elementor-widget elementor-widget-image\" data-id=\"8d6e72b\" data-element_type=\"widget\" data-widget_type=\"image.default\">\n\t\t\t\t<div class=\"elementor-widget-container\">\n\t\t\t\t\t\t\t\t\t\t\t\t\t<img loading=\"lazy\" decoding=\"async\" width=\"302\" height=\"228\" src=\"https:\/\/kinesitherapielaplaine.com\/wp-content\/uploads\/2022\/02\/therapiemanuelle-5.jpg\" class=\"attachment-full size-full wp-image-551\" alt=\"\" srcset=\"https:\/\/kinesitherapielaplaine.com\/wp-content\/uploads\/2022\/02\/therapiemanuelle-5.jpg 302w, https:\/\/kinesitherapielaplaine.com\/wp-content\/uploads\/2022\/02\/therapiemanuelle-5-300x226.jpg 300w\" sizes=\"(max-width: 302px) 100vw, 302px\" \/>\t\t\t\t\t\t\t\t\t\t\t\t\t<\/div>\n\t\t\t\t<\/div>\n\t\t\t\t\t<\/div>\n\t\t<\/div>\n\t\t\t\t<div class=\"elementor-column elementor-col-66 elementor-inner-column elementor-element elementor-element-2ece51e\" data-id=\"2ece51e\" data-element_type=\"column\">\n\t\t\t<div class=\"elementor-widget-wrap elementor-element-populated\">\n\t\t\t\t\t\t<div class=\"elementor-element elementor-element-fdfcec4 elementor-widget elementor-widget-text-editor\" data-id=\"fdfcec4\" data-element_type=\"widget\" data-widget_type=\"text-editor.default\">\n\t\t\t\t<div class=\"elementor-widget-container\">\n\t\t\t\t\t\t\t<p>La Clinique du Coureur est un organisme de formation continue sp\u00e9cialis\u00e9 dans la pr\u00e9vention et le traitement des blessures en course \u00e0 pied.<\/p>\t\t\t\t\t\t<\/div>\n\t\t\t\t<\/div>\n\t\t\t\t<div class=\"elementor-element elementor-element-d634c60 elementor-widget elementor-widget-heading\" data-id=\"d634c60\" data-element_type=\"widget\" data-widget_type=\"heading.default\">\n\t\t\t\t<div class=\"elementor-widget-container\">\n\t\t\t<h4 class=\"elementor-heading-title elementor-size-default\">Clinique du Coureur<\/h4>\t\t<\/div>\n\t\t\t\t<\/div>\n\t\t\t\t\t<\/div>\n\t\t<\/div>\n\t\t\t\t\t<\/div>\n\t\t<\/section>\n\t\t\t\t\t<\/div>\n\t\t<\/div>\n\t\t\t\t\t<\/div>\n\t\t<\/section>\n\t\t\t\t<section class=\"elementor-section elementor-top-section elementor-element elementor-element-67def83 elementor-section-boxed elementor-section-height-default elementor-section-height-default\" data-id=\"67def83\" data-element_type=\"section\" id=\"procedures\" data-settings=\"{&quot;background_background&quot;:&quot;classic&quot;}\">\n\t\t\t\t\t\t\t<div class=\"elementor-background-overlay\"><\/div>\n\t\t\t\t\t\t\t<div class=\"elementor-container elementor-column-gap-default\">\n\t\t\t\t\t<div class=\"elementor-column elementor-col-100 elementor-top-column elementor-element elementor-element-34380d\" data-id=\"34380d\" data-element_type=\"column\">\n\t\t\t<div class=\"elementor-widget-wrap elementor-element-populated\">\n\t\t\t\t\t\t<section class=\"elementor-section elementor-inner-section elementor-element elementor-element-23141539 elementor-section-boxed elementor-section-height-default elementor-section-height-default\" data-id=\"23141539\" data-element_type=\"section\">\n\t\t\t\t\t\t<div class=\"elementor-container elementor-column-gap-default\">\n\t\t\t\t\t<div class=\"elementor-column elementor-col-100 elementor-inner-column elementor-element elementor-element-59887e9e\" data-id=\"59887e9e\" data-element_type=\"column\">\n\t\t\t<div class=\"elementor-widget-wrap elementor-element-populated\">\n\t\t\t\t\t\t<div class=\"elementor-element elementor-element-20318bed elementor-widget elementor-widget-heading\" data-id=\"20318bed\" data-element_type=\"widget\" data-widget_type=\"heading.default\">\n\t\t\t\t<div class=\"elementor-widget-container\">\n\t\t\t<h2 class=\"elementor-heading-title elementor-size-default\">Cours collectifs<\/h2>\t\t<\/div>\n\t\t\t\t<\/div>\n\t\t\t\t<div class=\"elementor-element elementor-element-4e4ad141 elementor-widget-divider--view-line elementor-widget elementor-widget-divider\" data-id=\"4e4ad141\" data-element_type=\"widget\" data-widget_type=\"divider.default\">\n\t\t\t\t<div class=\"elementor-widget-container\">\n\t\t\t\t\t<div class=\"elementor-divider\">\n\t\t\t<span class=\"elementor-divider-separator\">\n\t\t\t\t\t\t<\/span>\n\t\t<\/div>\n\t\t\t\t<\/div>\n\t\t\t\t<\/div>\n\t\t\t\t\t<\/div>\n\t\t<\/div>\n\t\t\t\t\t<\/div>\n\t\t<\/section>\n\t\t\t\t<div class=\"elementor-element elementor-element-89ec773 elementor-widget elementor-widget-image\" data-id=\"89ec773\" data-element_type=\"widget\" data-widget_type=\"image.default\">\n\t\t\t\t<div class=\"elementor-widget-container\">\n\t\t\t\t\t\t\t\t\t\t\t\t\t<img loading=\"lazy\" decoding=\"async\" width=\"460\" height=\"433\" src=\"https:\/\/kinesitherapielaplaine.com\/wp-content\/uploads\/2022\/02\/yoga.png\" class=\"attachment-full size-full wp-image-573\" alt=\"\" srcset=\"https:\/\/kinesitherapielaplaine.com\/wp-content\/uploads\/2022\/02\/yoga.png 460w, https:\/\/kinesitherapielaplaine.com\/wp-content\/uploads\/2022\/02\/yoga-300x282.png 300w\" sizes=\"(max-width: 460px) 100vw, 460px\" \/>\t\t\t\t\t\t\t\t\t\t\t\t\t<\/div>\n\t\t\t\t<\/div>\n\t\t\t\t<div class=\"elementor-element elementor-element-597ac0eb elementor-widget elementor-widget-text-editor\" data-id=\"597ac0eb\" data-element_type=\"widget\" data-widget_type=\"text-editor.default\">\n\t\t\t\t<div class=\"elementor-widget-container\">\n\t\t\t\t\t\t\t<p><strong><span style=\"text-decoration: underline;\">T<\/span><\/strong><span style=\"font-size: 16px;\"><strong><span style=\"text-decoration: underline;\">arifs<\/span><\/strong> :\u00a0<\/span><\/p><p><span style=\"text-decoration: underline;\">Cours \u00e0 l&#8217;unit\u00e9<\/span> : 20\u20ac (12\u20ac cours d&#8217;essai)<\/p><p><span style=\"text-decoration: underline;\">Carte de dix cours<\/span> : 150\u20ac valable 6 mois<\/p><p><span style=\"text-decoration-line: underline;\">Carte de vingt cours<\/span>\u00a0: 280\u20ac valable 8 mois<\/p><p><span style=\"text-decoration: underline;\">Abonnement \u00e0 l&#8217;ann\u00e9e<\/span> (hors vacances scolaires) : 450\u20ac pour un cours\/semaine &#8211; payable en plusieurs fois.<\/p><p>(demandez plus d&#8217;informations pour l&#8217;abonnement annuel pour plusieurs cours)<\/p><p>Pour prendre RDV, <a href=\"https:\/\/monrdvkine.fr\/cabinet-masseurs-kinesitherapeutes\/la-plaine-saint-denis-93210\/kinesitherapie-la-plaine-711\">cliquez ici<\/a> puis &gt; Meryl ou Th\u00e9ophile &gt; Cours Collectifs\u00a0<\/p>\t\t\t\t\t\t<\/div>\n\t\t\t\t<\/div>\n\t\t\t\t<section class=\"elementor-section elementor-inner-section elementor-element elementor-element-1b8db7bb elementor-section-boxed elementor-section-height-default elementor-section-height-default\" data-id=\"1b8db7bb\" data-element_type=\"section\">\n\t\t\t\t\t\t<div class=\"elementor-container elementor-column-gap-default\">\n\t\t\t\t\t<div class=\"elementor-column elementor-col-100 elementor-inner-column elementor-element elementor-element-49f79cd4\" data-id=\"49f79cd4\" data-element_type=\"column\" data-settings=\"{&quot;background_background&quot;:&quot;classic&quot;}\">\n\t\t\t<div class=\"elementor-widget-wrap elementor-element-populated\">\n\t\t\t\t\t\t<div class=\"elementor-element elementor-element-5815bda6 elementor-widget elementor-widget-heading\" data-id=\"5815bda6\" data-element_type=\"widget\" data-widget_type=\"heading.default\">\n\t\t\t\t<div class=\"elementor-widget-container\">\n\t\t\t<h4 class=\"elementor-heading-title elementor-size-default\">Hatha Yoga<\/h4>\t\t<\/div>\n\t\t\t\t<\/div>\n\t\t\t\t<div class=\"elementor-element elementor-element-453eeedf elementor-widget elementor-widget-text-editor\" data-id=\"453eeedf\" data-element_type=\"widget\" data-widget_type=\"text-editor.default\">\n\t\t\t\t<div class=\"elementor-widget-container\">\n\t\t\t\t\t\t\t<p><img loading=\"lazy\" decoding=\"async\" src=\"http:\/\/kinesitherapielaplaine.com\/wp-content\/uploads\/2023\/04\/AdobeStock_129574215-1280x853-1-300x200.jpeg\" alt=\"\" width=\"300\" height=\"200\"><\/p>\n<p>Les s\u00e9ances d&#8217;1h00 vous permettront de travailler sur votre souplesse, votre tonicit\u00e9 et d&#8217;acc\u00e9der \u00e0 un \u00e9tat de relaxation profonde. Les th\u00e9matiques \u00e9voluent avec les p\u00e9riodes de l&#8217;ann\u00e9e.<\/p>\n<p>Les s\u00e9quences m\u00e9ditatives aident \u00e0 l&#8217;apaisement du stress, et \u00e0 l&#8217;adoption de nouveaux comportements plus en ad\u00e9quations avec vos valeurs \ud83d\ude42<\/p>\n<p><span style=\"text-decoration: underline;\">Horaires<\/span> :&nbsp;<\/p>\n<p><strong>Mercredi \u00e0 12h15<\/strong><\/p>\n<p><span style=\"font-style: inherit; font-weight: inherit; background-color: var( --e-global-color-astglobalcolor4 ); color: var(--ast-global-color-3);\">Plus d&#8217;infos :&nbsp;<\/span><a style=\"font-style: inherit; font-weight: inherit;\" href=\"mailto:kinesitherapielaplaine@gmail.com\">kinesitherapielaplaine@gmail.com<\/a><span style=\"font-style: inherit; font-weight: inherit; background-color: var( --e-global-color-astglobalcolor4 ); color: var(--ast-global-color-3);\">, en mentionnant &#8220;<\/span><strong style=\"font-style: inherit; background-color: var( --e-global-color-astglobalcolor4 ); color: var(--ast-global-color-3);\">Yoga avec Th\u00e9o<\/strong><span style=\"font-style: inherit; font-weight: inherit; background-color: var( --e-global-color-astglobalcolor4 ); color: var(--ast-global-color-3);\">&#8221; dans l&#8217;objet.<\/span><\/p>\t\t\t\t\t\t<\/div>\n\t\t\t\t<\/div>\n\t\t\t\t\t<\/div>\n\t\t<\/div>\n\t\t\t\t\t<\/div>\n\t\t<\/section>\n\t\t\t\t<section class=\"elementor-section elementor-inner-section elementor-element elementor-element-2321fde elementor-section-boxed elementor-section-height-default elementor-section-height-default\" data-id=\"2321fde\" data-element_type=\"section\">\n\t\t\t\t\t\t<div class=\"elementor-container elementor-column-gap-default\">\n\t\t\t\t\t<div class=\"elementor-column elementor-col-33 elementor-inner-column elementor-element elementor-element-b6a999f\" data-id=\"b6a999f\" data-element_type=\"column\" data-settings=\"{&quot;background_background&quot;:&quot;classic&quot;}\">\n\t\t\t<div class=\"elementor-widget-wrap elementor-element-populated\">\n\t\t\t\t\t\t<div class=\"elementor-element elementor-element-aa1558e elementor-widget elementor-widget-heading\" data-id=\"aa1558e\" data-element_type=\"widget\" data-widget_type=\"heading.default\">\n\t\t\t\t<div class=\"elementor-widget-container\">\n\t\t\t<h4 class=\"elementor-heading-title elementor-size-default\">Eveil corporel (2 ans 1\/2 \u00e0 4 ans 1\/2)<\/h4>\t\t<\/div>\n\t\t\t\t<\/div>\n\t\t\t\t<div class=\"elementor-element elementor-element-b4c4b75 elementor-widget elementor-widget-text-editor\" data-id=\"b4c4b75\" data-element_type=\"widget\" data-widget_type=\"text-editor.default\">\n\t\t\t\t<div class=\"elementor-widget-container\">\n\t\t\t\t\t\t\t<figure id=\"attachment_670\" aria-describedby=\"caption-attachment-670\" style=\"width: 300px\" class=\"wp-caption alignnone\"><img loading=\"lazy\" decoding=\"async\" class=\"size-medium wp-image-670\" src=\"http:\/\/kinesitherapielaplaine.com\/wp-content\/uploads\/2024\/09\/istockphoto-494178965-1024x1024-1-300x200.jpg\" alt=\"\" width=\"300\" height=\"200\" srcset=\"https:\/\/kinesitherapielaplaine.com\/wp-content\/uploads\/2024\/09\/istockphoto-494178965-1024x1024-1-300x200.jpg 300w, https:\/\/kinesitherapielaplaine.com\/wp-content\/uploads\/2024\/09\/istockphoto-494178965-1024x1024-1-768x513.jpg 768w, https:\/\/kinesitherapielaplaine.com\/wp-content\/uploads\/2024\/09\/istockphoto-494178965-1024x1024-1.jpg 1024w\" sizes=\"(max-width: 300px) 100vw, 300px\" \/><figcaption id=\"caption-attachment-670\" class=\"wp-caption-text\"><span style=\"font-size: 16px;\">Nos cours d\u2019\u00e9veil moteur pour les enfants de 30 mois \u00e0 4 ans et demi sont sp\u00e9cialement con\u00e7us pour accompagner les tout-petits dans leur d\u00e9veloppement physique et psychomoteur. \u00c0 travers des jeux ludiques et des activit\u00e9s adapt\u00e9es, les enfants d\u00e9couvrent le plaisir de bouger tout en am\u00e9liorant leur coordination, leur \u00e9quilibre et leur motricit\u00e9 globale. Ces s\u00e9ances favorisent \u00e9galement l\u2019\u00e9veil sensoriel et social, en offrant un environnement s\u00e9curis\u00e9 o\u00f9 chaque enfant peut explorer, s\u2019exprimer et grandir \u00e0 son rythme. Un moment de d\u00e9couverte et de partage pour les petits aventuriers en herbe !<\/span><\/figcaption><\/figure>\n<p><span style=\"text-decoration: underline;\">Horaires<\/span> :&nbsp;<\/p>\n<p><b>Mercredi 15h15 (45min)<\/b><\/p>\n<p>Plus d&#8217;infos :&nbsp;<a href=\"mailto:kinesitherapielaplaine@gmail.com\">kinesitherapielaplaine@gmail.com<\/a>, en mentionnant &#8220;<b>Eveil Corporel<\/b>&#8221; dans l&#8217;objet.<\/p>\t\t\t\t\t\t<\/div>\n\t\t\t\t<\/div>\n\t\t\t\t\t<\/div>\n\t\t<\/div>\n\t\t\t\t<div class=\"elementor-column elementor-col-33 elementor-inner-column elementor-element elementor-element-b680e55\" data-id=\"b680e55\" data-element_type=\"column\" data-settings=\"{&quot;background_background&quot;:&quot;classic&quot;}\">\n\t\t\t<div class=\"elementor-widget-wrap elementor-element-populated\">\n\t\t\t\t\t\t<div class=\"elementor-element elementor-element-e0c9f1c elementor-widget elementor-widget-heading\" data-id=\"e0c9f1c\" data-element_type=\"widget\" data-widget_type=\"heading.default\">\n\t\t\t\t<div class=\"elementor-widget-container\">\n\t\t\t<h4 class=\"elementor-heading-title elementor-size-default\">Yoga Methode de Gasquet<\/h4>\t\t<\/div>\n\t\t\t\t<\/div>\n\t\t\t\t<div class=\"elementor-element elementor-element-1c31c49 elementor-widget elementor-widget-text-editor\" data-id=\"1c31c49\" data-element_type=\"widget\" data-widget_type=\"text-editor.default\">\n\t\t\t\t<div class=\"elementor-widget-container\">\n\t\t\t\t\t\t\t<p><img loading=\"lazy\" decoding=\"async\" class=\"alignnone size-medium wp-image-652\" src=\"http:\/\/kinesitherapielaplaine.com\/wp-content\/uploads\/2024\/04\/pexels-karolina-grabowska-4498609-300x200.jpg\" alt=\"\" width=\"300\" height=\"200\" srcset=\"https:\/\/kinesitherapielaplaine.com\/wp-content\/uploads\/2024\/04\/pexels-karolina-grabowska-4498609-300x200.jpg 300w, https:\/\/kinesitherapielaplaine.com\/wp-content\/uploads\/2024\/04\/pexels-karolina-grabowska-4498609-1024x683.jpg 1024w, https:\/\/kinesitherapielaplaine.com\/wp-content\/uploads\/2024\/04\/pexels-karolina-grabowska-4498609-768x512.jpg 768w, https:\/\/kinesitherapielaplaine.com\/wp-content\/uploads\/2024\/04\/pexels-karolina-grabowska-4498609-1536x1024.jpg 1536w, https:\/\/kinesitherapielaplaine.com\/wp-content\/uploads\/2024\/04\/pexels-karolina-grabowska-4498609-2048x1365.jpg 2048w\" sizes=\"(max-width: 300px) 100vw, 300px\" \/><\/p><p>La m\u00e9thode De Gasquet va vous permettre de renforcer les muscles profonds du corps en prenant conscience de votre plancher pelvien. Un travail de renforcement global. Les cours permettent aussi de s&#8217;assouplir et de s&#8217;\u00e9tirer en associant la respiration.<\/p><p><span style=\"text-decoration: underline;\">Horaires<\/span> :<\/p><p><strong>Lundi 18h45 et 20h<\/strong><\/p><p><strong>Vendredi 12h15<\/strong><\/p><p>Plus d&#8217;infos :\u00a0<a style=\"background-color: #f3f6f3;\" href=\"mailto:kinesitherapielaplaine@gmail.com\">kinesitherapielaplaine@gmail.com<\/a>, en mentionnant &#8220;<strong>Yoga avec Meryl<\/strong>&#8221; dans l&#8217;objet.<\/p>\t\t\t\t\t\t<\/div>\n\t\t\t\t<\/div>\n\t\t\t\t\t<\/div>\n\t\t<\/div>\n\t\t\t\t<div class=\"elementor-column elementor-col-33 elementor-inner-column elementor-element elementor-element-932ea0d\" data-id=\"932ea0d\" data-element_type=\"column\" data-settings=\"{&quot;background_background&quot;:&quot;classic&quot;}\">\n\t\t\t<div class=\"elementor-widget-wrap elementor-element-populated\">\n\t\t\t\t\t\t<div class=\"elementor-element elementor-element-066c1f1 elementor-widget elementor-widget-heading\" data-id=\"066c1f1\" data-element_type=\"widget\" data-widget_type=\"heading.default\">\n\t\t\t\t<div class=\"elementor-widget-container\">\n\t\t\t<h4 class=\"elementor-heading-title elementor-size-default\">Pilates<\/h4>\t\t<\/div>\n\t\t\t\t<\/div>\n\t\t\t\t<div class=\"elementor-element elementor-element-e43d3ae elementor-widget elementor-widget-text-editor\" data-id=\"e43d3ae\" data-element_type=\"widget\" data-widget_type=\"text-editor.default\">\n\t\t\t\t<div class=\"elementor-widget-container\">\n\t\t\t\t\t\t\t<p><img loading=\"lazy\" decoding=\"async\" src=\"http:\/\/kinesitherapielaplaine.com\/wp-content\/uploads\/2024\/09\/silhouette-3105527_1280-300x150.webp\" alt=\"\" width=\"300\" height=\"150\"><\/p>\n<p><span style=\"background-color: var( --e-global-color-astglobalcolor4 ); color: var(--ast-global-color-3); font-size: 1rem;\">D\u00e9couvrez nos cours de Pilates, con\u00e7us pour renforcer votre corps, am\u00e9liorer votre posture. Adapt\u00e9s \u00e0 tous les niveaux, nos s\u00e9ances mettent l&#8217;accent sur le contr\u00f4le,&nbsp; et l&#8217;alignement. Que vous soyez d\u00e9butant ou exp\u00e9riment\u00e9, vous apprendrez \u00e0 tonifier vos muscles en profondeur, \u00e0 gagner en souplesse et \u00e0 am\u00e9liorer votre \u00e9quilibre. Rejoignez-nous pour une exp\u00e9rience revitalisante qui allie bien-\u00eatre physique et mental, dans une ambiance chaleureuse et motivante.<\/span><\/p>\n<p><span style=\"font-style: inherit; font-weight: inherit; background-color: var( --e-global-color-astglobalcolor4 ); color: var(--ast-global-color-3); text-decoration-line: underline;\">Horaires<\/span><span style=\"font-style: inherit; font-weight: inherit; background-color: var( --e-global-color-astglobalcolor4 ); color: var(--ast-global-color-3);\"> :<\/span><\/p>\n<p><strong style=\"font-style: inherit; background-color: var( --e-global-color-astglobalcolor4 ); color: var(--ast-global-color-3);\">Mardi 12h15\/18h15\/19h30<\/strong><\/p>\n<p>Plus d&#8217;infos :&nbsp;<a style=\"background-color: #f3f6f3;\" href=\"mailto:kinesitherapielaplaine@gmail.com\">kinesitherapielaplaine@gmail.com<\/a>, en mentionnant &#8220;<b>Pilates<\/b><strong>&nbsp;avec Meryl<\/strong>&#8221; dans l&#8217;objet.<\/p>\t\t\t\t\t\t<\/div>\n\t\t\t\t<\/div>\n\t\t\t\t\t<\/div>\n\t\t<\/div>\n\t\t\t\t\t<\/div>\n\t\t<\/section>\n\t\t\t\t\t<\/div>\n\t\t<\/div>\n\t\t\t\t\t<\/div>\n\t\t<\/section>\n\t\t\t\t<section class=\"elementor-section elementor-top-section elementor-element elementor-element-ea0e184 elementor-section-boxed elementor-section-height-default elementor-section-height-default\" data-id=\"ea0e184\" data-element_type=\"section\">\n\t\t\t\t\t\t<div class=\"elementor-container elementor-column-gap-default\">\n\t\t\t\t\t<div class=\"elementor-column elementor-col-100 elementor-top-column elementor-element elementor-element-f152cff\" data-id=\"f152cff\" data-element_type=\"column\">\n\t\t\t<div class=\"elementor-widget-wrap elementor-element-populated\">\n\t\t\t\t\t\t<div class=\"elementor-element elementor-element-edbd80e elementor-align-center elementor-invisible elementor-widget elementor-widget-button\" data-id=\"edbd80e\" data-element_type=\"widget\" data-settings=\"{&quot;motion_fx_motion_fx_mouse&quot;:&quot;yes&quot;,&quot;_animation&quot;:&quot;fadeIn&quot;}\" data-widget_type=\"button.default\">\n\t\t\t\t<div class=\"elementor-widget-container\">\n\t\t\t\t\t<div class=\"elementor-button-wrapper\">\n\t\t\t<a class=\"elementor-button elementor-button-link elementor-size-xl\" href=\"https:\/\/monrdvkine.fr\/cabinet-masseurs-kinesitherapeutes\/la-plaine-saint-denis-93210\/kinesitherapie-la-plaine-711\">\n\t\t\t\t\t\t<span class=\"elementor-button-content-wrapper\">\n\t\t\t\t\t\t\t\t\t<span class=\"elementor-button-text\">Prendre un rendez-vous<\/span>\n\t\t\t\t\t<\/span>\n\t\t\t\t\t<\/a>\n\t\t<\/div>\n\t\t\t\t<\/div>\n\t\t\t\t<\/div>\n\t\t\t\t\t<\/div>\n\t\t<\/div>\n\t\t\t\t\t<\/div>\n\t\t<\/section>\n\t\t\t\t<\/div>\n\t\t","protected":false},"excerpt":{"rendered":"<p>Prendre un rendez-vous Kin\u00e9sith\u00e9rapie La Plaine Sport &#8211; Sant\u00e9 &#8211; Bien \u00eatre Adresse: 100 Avenue du Pr\u00e9sident Wilson \u00a0\u00a0\u00a0\u00a0\u00a0\u00a0\u00a0\u00a0\u00a0\u00a0\u00a0\u00a0\u00a0\u00a0\u00a0\u00a0\u00a0\u00a0 93210 La Plaine Saint-Denis T\u00e9l\u00e9phone: 09 73 88 07 25 Mail: kinesitherapielaplaine@gmail.com \u00a0 La kin\u00e9sith\u00e9rapie et les th\u00e9rapeutes La kin\u00e9sith\u00e9rapie est une profession param\u00e9dicale qui utilise des techniques actives et passives. L&#8217;origine du mot kin\u00e9sith\u00e9rapie vient &hellip;<\/p>\n<p class=\"read-more\"> <a class=\"\" href=\"https:\/\/kinesitherapielaplaine.com\/\"> <span class=\"screen-reader-text\">Kin\u00e9sith\u00e9rapie La Plaine<\/span> Lire la suite\u00a0\u00bb<\/a><\/p>\n","protected":false},"author":1,"featured_media":0,"parent":0,"menu_order":0,"comment_status":"closed","ping_status":"closed","template":"","meta":{"om_disable_all_campaigns":false,"_monsterinsights_skip_tracking":false,"_monsterinsights_sitenote_active":false,"_monsterinsights_sitenote_note":"","_monsterinsights_sitenote_category":0,"site-sidebar-layout":"no-sidebar","site-content-layout":"page-builder","ast-main-header-display":"","ast-hfb-above-header-display":"","ast-hfb-below-header-display":"","ast-hfb-mobile-header-display":"","site-post-title":"disabled","ast-breadcrumbs-content":"disabled","ast-featured-img":"disabled","footer-sml-layout":"","theme-transparent-header-meta":"default","adv-header-id-meta":"","stick-header-meta":"","header-above-stick-meta":"","header-main-stick-meta":"","header-below-stick-meta":"","footnotes":""},"class_list":["post-384","page","type-page","status-publish","hentry"],"aioseo_notices":[],"_links":{"self":[{"href":"https:\/\/kinesitherapielaplaine.com\/index.php?rest_route=\/wp\/v2\/pages\/384","targetHints":{"allow":["GET"]}}],"collection":[{"href":"https:\/\/kinesitherapielaplaine.com\/index.php?rest_route=\/wp\/v2\/pages"}],"about":[{"href":"https:\/\/kinesitherapielaplaine.com\/index.php?rest_route=\/wp\/v2\/types\/page"}],"author":[{"embeddable":true,"href":"https:\/\/kinesitherapielaplaine.com\/index.php?rest_route=\/wp\/v2\/users\/1"}],"replies":[{"embeddable":true,"href":"https:\/\/kinesitherapielaplaine.com\/index.php?rest_route=%2Fwp%2Fv2%2Fcomments&post=384"}],"version-history":[{"count":206,"href":"https:\/\/kinesitherapielaplaine.com\/index.php?rest_route=\/wp\/v2\/pages\/384\/revisions"}],"predecessor-version":[{"id":707,"href":"https:\/\/kinesitherapielaplaine.com\/index.php?rest_route=\/wp\/v2\/pages\/384\/revisions\/707"}],"wp:attachment":[{"href":"https:\/\/kinesitherapielaplaine.com\/index.php?rest_route=%2Fwp%2Fv2%2Fmedia&parent=384"}],"curies":[{"name":"wp","href":"https:\/\/api.w.org\/{rel}","templated":true}]}}